{"id":856,"date":"2021-06-06T17:05:43","date_gmt":"2021-06-06T17:05:43","guid":{"rendered":"http:\/\/www.dev.huberthalun.pl\/?page_id=856"},"modified":"2021-06-06T17:17:17","modified_gmt":"2021-06-06T17:17:17","slug":"sekcja-samolotowa","status":"publish","type":"page","link":"http:\/\/aeroklubelblaski.pl\/index.php\/sekcja-samolotowa\/","title":{"rendered":"Sekcja Samolotowa"},"content":{"rendered":"<p>[et_pb_section fb_built=&#8221;1&#8243; _builder_version=&#8221;4.9.4&#8243; _module_preset=&#8221;default&#8221; use_background_color_gradient=&#8221;on&#8221; background_color_gradient_start=&#8221;#ffffff&#8221; background_color_gradient_end=&#8221;rgba(59,57,230,0)&#8221; background_color_gradient_direction=&#8221;360deg&#8221; background_color_gradient_overlays_image=&#8221;on&#8221; background_image=&#8221;http:\/\/aeroklubelblaski.pl\/wp-content\/uploads\/2021\/05\/pexels-miguel-a\u0301-padrin\u0303a\u0301n-19670-scaled.jpeg&#8221; custom_padding=&#8221;103px||111px|||&#8221;][et_pb_row _builder_version=&#8221;4.9.4&#8243; _module_preset=&#8221;default&#8221; custom_padding=&#8221;28px|||||&#8221;][et_pb_column type=&#8221;4_4&#8243; _builder_version=&#8221;4.9.4&#8243; _module_preset=&#8221;default&#8221;][et_pb_text _builder_version=&#8221;4.9.4&#8243; _module_preset=&#8221;default&#8221; text_font=&#8221;|800|||||||&#8221; text_font_size=&#8221;20px&#8221; text_line_height=&#8221;1.8em&#8221; header_font=&#8221;|800|||||||&#8221; header_font_size=&#8221;50px&#8221; header_line_height=&#8221;1.5em&#8221; min_height=&#8221;141px&#8221; custom_margin=&#8221;0px||||false|false&#8221; hover_enabled=&#8221;0&#8243; sticky_enabled=&#8221;0&#8243;]<\/p>\n<h1 style=\"text-align: center;\"><strong>Sekcja Samolotowa<\/strong><\/h1>\n<p style=\"text-align: center;\">[\/et_pb_text][\/et_pb_column][\/et_pb_row][\/et_pb_section][et_pb_section fb_built=&#8221;1&#8243; _builder_version=&#8221;4.9.4&#8243; _module_preset=&#8221;default&#8221;][et_pb_row column_structure=&#8221;1_2,1_2&#8243; _builder_version=&#8221;4.9.4&#8243; _module_preset=&#8221;default&#8221; custom_padding=&#8221;25px||27px|||&#8221;][et_pb_column type=&#8221;1_2&#8243; _builder_version=&#8221;4.9.4&#8243; _module_preset=&#8221;default&#8221;][et_pb_text _builder_version=&#8221;4.9.4&#8243; _module_preset=&#8221;default&#8221; min_height=&#8221;30px&#8221; hover_enabled=&#8221;0&#8243; sticky_enabled=&#8221;0&#8243; custom_margin=&#8221;||12px|||&#8221;]<\/p>\n<h4><strong>Kr\u00f3tki rys historyczny<\/strong><\/h4>\n<p>[\/et_pb_text][et_pb_text _builder_version=&#8221;4.9.4&#8243; _module_preset=&#8221;default&#8221; min_height=&#8221;144px&#8221;]<\/p>\n<p align=\"justify\">Sekcja samolotowa Aeroklubu Elbl\u0105skiego rozpocz\u0119\u0142a swoj\u0105 dzia\u0142alno\u015b\u0107 w roku 1963. Sekcja samolotowa stanowi wa\u017cny element historii i funkcjonowania Aeroklubu Elbl\u0105skiego. Od samego pocz\u0105tku swojego istnienie g\u0142\u00f3wnymi zadaniami sekcji by\u0142o szkolenie m\u0142odych adept\u00f3w latania silnikowego i dzia\u0142alno\u015b\u0107 na rzecz innych sekcji Aeroklubu. Piloci samolotowi s\u0142u\u017cyli przede wszystkim sekcji szybowcowej i spadochronowej.<\/p>\n<p align=\"justify\">Pierwszymi samolotami jakimi dysponowa\u0142a sekcja by\u0142 Jak 18 (SP-BNN) oraz Zlin 26 (SP-ASH). Oczywi\u015bcie z czasem przybywa\u0142o coraz to nowszych samolot\u00f3w. W latach osiemdziesi\u0105tych sekcja dysponowa\u0142a 7 samolotami. W tym PZL 104 Wilga 35A, Jak 12A, PZL 101 Gawron, Zlinami: 42, 142 i 526F oraz najwi\u0119kszym naszym samolotem AN-2.<\/p>\n<p>[\/et_pb_text][\/et_pb_column][et_pb_column type=&#8221;1_2&#8243; _builder_version=&#8221;4.9.4&#8243; _module_preset=&#8221;default&#8221;][et_pb_image src=&#8221;http:\/\/aeroklubelblaski.pl\/wp-content\/uploads\/2021\/05\/DSC05976.jpg&#8221; title_text=&#8221;DSC05976&#8243; _builder_version=&#8221;4.9.4&#8243; _module_preset=&#8221;default&#8221; hover_enabled=&#8221;0&#8243; border_radii=&#8221;on|10px|10px|10px|10px&#8221; box_shadow_style=&#8221;preset3&#8243; box_shadow_color=&#8221;rgba(59,57,230,0.21)&#8221; custom_padding=&#8221;0px|||||&#8221; sticky_enabled=&#8221;0&#8243;][\/et_pb_image][\/et_pb_column][\/et_pb_row][\/et_pb_section][et_pb_section fb_built=&#8221;1&#8243; _builder_version=&#8221;4.9.4&#8243; _module_preset=&#8221;default&#8221;][et_pb_row column_structure=&#8221;1_2,1_2&#8243; _builder_version=&#8221;4.9.4&#8243; _module_preset=&#8221;default&#8221; custom_padding=&#8221;25px||27px|||&#8221;][et_pb_column type=&#8221;1_2&#8243; _builder_version=&#8221;4.9.4&#8243; _module_preset=&#8221;default&#8221;][et_pb_image src=&#8221;http:\/\/aeroklubelblaski.pl\/wp-content\/uploads\/2021\/05\/DSC05317.jpg&#8221; title_text=&#8221;DSC05317&#8243; _builder_version=&#8221;4.9.4&#8243; _module_preset=&#8221;default&#8221; hover_enabled=&#8221;0&#8243; border_radii=&#8221;on|10px|10px|10px|10px&#8221; box_shadow_style=&#8221;preset3&#8243; box_shadow_color=&#8221;rgba(59,57,230,0.21)&#8221; custom_padding=&#8221;0px|||||&#8221; sticky_enabled=&#8221;0&#8243;][\/et_pb_image][\/et_pb_column][et_pb_column _builder_version=&#8221;4.9.4&#8243; _module_preset=&#8221;default&#8221; type=&#8221;1_2&#8243;][et_pb_text _builder_version=&#8221;4.9.4&#8243; _module_preset=&#8221;default&#8221; min_height=&#8221;30px&#8221; hover_enabled=&#8221;0&#8243; sticky_enabled=&#8221;0&#8243; custom_margin=&#8221;||12px|||&#8221;]<\/p>\n<h4><strong>Na czym latamy<\/strong><\/h4>\n<p>[\/et_pb_text][et_pb_text _builder_version=&#8221;4.9.4&#8243; _module_preset=&#8221;default&#8221; min_height=&#8221;144px&#8221;]<\/p>\n<p align=\"justify\">Na chwil\u0119 obecn\u0105 te\u017c mamy si\u0119 czym pochwali\u0107. W naszym hangarze dostojnie si\u0119 prezentuj\u0105:<\/p>\n<ul>\n<li>\n<div align=\"justify\">Rallye 235\u00a0(SP-CAS)<\/div>\n<\/li>\n<li>\n<div align=\"justify\">Cessna 150 (SP-KBW oraz SP-WBK)<\/div>\n<\/li>\n<\/ul>\n<p align=\"justify\">opr\u00f3cz tego lata u nas tak\u017ce kilka samolot\u00f3w w kategorii Specjalny:<\/p>\n<ul>\n<li>\n<div align=\"justify\">EOL (SP-YUO)<\/div>\n<\/li>\n<li>TS 8 Bies(jeden z trzech lataj\u0105cych w Polsce egzemplarzy)<\/li>\n<li>\n<div align=\"justify\">FK-9 (SP-YEA)<\/div>\n<\/li>\n<li>\n<div align=\"justify\">Zodiac CH 601 (SP-YBU)<\/div>\n<\/li>\n<li>\n<div align=\"justify\">Zenair CH 701 Stol<\/div>\n<\/li>\n<\/ul>\n<p align=\"justify\">Mimo, \u017ce wi\u0119kszo\u015b\u0107 naszego \u201ctaboru\u201d jest w\u0142asno\u015bci\u0105 prywatn\u0105 to jednak s\u0105 to samoloty udost\u0119pnione dla Aeroklubu i wykorzystywane w jego dzia\u0142alno\u015bci statutowej.<\/p>\n<p>[\/et_pb_text][\/et_pb_column][\/et_pb_row][\/et_pb_section][et_pb_section fb_built=&#8221;1&#8243; _builder_version=&#8221;4.9.4&#8243; _module_preset=&#8221;default&#8221;][et_pb_row column_structure=&#8221;1_2,1_2&#8243; _builder_version=&#8221;4.9.4&#8243; _module_preset=&#8221;default&#8221;][et_pb_column type=&#8221;1_2&#8243; _builder_version=&#8221;4.9.4&#8243; _module_preset=&#8221;default&#8221;][et_pb_toggle title=&#8221;Szkolenie samolotowe do licencji PPL(A)&#8221; open=&#8221;on&#8221; _builder_version=&#8221;4.9.4&#8243; _module_preset=&#8221;default&#8221; title_level=&#8221;h4&#8243; hover_enabled=&#8221;0&#8243; border_radii=&#8221;on|10px|10px|10px|10px&#8221; border_color_all=&#8221;#FA7F28&#8243; box_shadow_style=&#8221;preset3&#8243; box_shadow_color=&#8221;rgba(59,57,230,0.23)&#8221; sticky_enabled=&#8221;0&#8243;]<\/p>\n<p align=\"justify\">Osoba, kt\u00f3ra jest zainteresowana odbyciem szkolenia samolotowego musi spe\u0142ni\u0107 kilka niezb\u0119dnych do odbycia kursu wymog\u00f3w:<\/p>\n<p align=\"justify\">\u2013 uko\u0144czone 16 lat(zgoda rodzic\u00f3w do momentu uko\u0144czenia 18 roku \u017cycia)<\/p>\n<p align=\"justify\">\u2013 wykszta\u0142cenie minimum gimnazjalne,<\/p>\n<p align=\"justify\">\u2013 badania lotniczo \u2013 lekarskie minimum 2 klasy<\/p>\n<p align=\"justify\">Na pocz\u0105tek trzeba zaliczy\u0107 kurs teoretyczny, na kt\u00f3ry sk\u0142ada si\u0119:<\/p>\n<p align=\"justify\">130 godzin wyk\u0142ad\u00f3w(60 godzin w trybie zaocznym), a zakres przedmiot\u00f3w, z kt\u00f3rymi musi zaznajomi\u0107 si\u0119 przysz\u0142y pilot to:<\/p>\n<p>\u2013 prawo lotnicze,<br \/>\u2013 og\u00f3lna wiedza o samolocie,<br \/>\u2013 osi\u0105gi i planowanie lot\u00f3w,<br \/>\u2013 cz\u0142owiek-mo\u017cliwo\u015bci, ograniczenia,<br \/>\u2013 meteorologia,<br \/>\u2013 nawigacja,<br \/>\u2013 procedury operacyjne,<br \/>\u2013 zasady lotu,<br \/>\u2013 \u0142\u0105czno\u015b\u0107,<br \/>\u2013 og\u00f3lne bezpiecze\u0144stwo lot\u00f3w,<\/p>\n<p align=\"justify\">Po pozytywnym zaliczeniu kursu teoretycznego przed przyst\u0105pieniem do cz\u0119\u015bci praktycznej kandydat do szkolenia samolotowego musi jeszcze przej\u015b\u0107 badania lotnicze.<\/p>\n<p>[\/et_pb_toggle][\/et_pb_column][et_pb_column type=&#8221;1_2&#8243; _builder_version=&#8221;4.9.4&#8243; _module_preset=&#8221;default&#8221;][et_pb_toggle title=&#8221;Szkolenie praktyczne to:&#8221; open=&#8221;on&#8221; _builder_version=&#8221;4.9.4&#8243; _module_preset=&#8221;default&#8221; title_level=&#8221;h4&#8243; hover_enabled=&#8221;0&#8243; border_radii=&#8221;on|10px|10px|10px|10px&#8221; border_color_all=&#8221;#FA7F28&#8243; box_shadow_style=&#8221;preset3&#8243; box_shadow_color=&#8221;rgba(59,57,230,0.23)&#8221; sticky_enabled=&#8221;0&#8243;]<\/p>\n<p align=\"justify\">\u2013 45 h nalotu na samolocie Cessna 150 i uko\u0144czony program szkolenia(zadania A, B, C)<\/p>\n<p align=\"justify\">Po sko\u0144czeniu szkolenia praktycznego do upragnionej licencji brakuje jeszcze tylko uzyskania \u015awiadectwa Radiooperatora w s\u0142u\u017cbie lotniczej oraz zdania egzaminu teoretycznego i praktycznego przed LKE(Lotnicza Komisja Egzaminacyjna).<\/p>\n<p align=\"justify\">W ci\u0105gu sezonu szkolenie do Licencji Pilota Samolotowego Turystycznego PPL(A) ko\u0144czy w naszym Aeroklubie kilka os\u00f3b. Dla wielu z nich jest to pocz\u0105tek lotniczej kariery, dla innych kolejny jej etap. Aby szkolenie odby\u0142o si\u0119 profesjonalnie i przede wszystkim bezpiecznie niezb\u0119dni s\u0105 instruktorzy. Aeroklub Elbl\u0105ski szkoli m\u0142odych adept\u00f3w silnikowego latania dzi\u0119ki zaanga\u017cowaniu 4 naszych instruktor\u00f3w samolotowych: Dariusza Brzykcego, Grzegorza D\u0105bkowskiego, Andrzeja Rydzy\u0144skiego oraz Andrzeja Stadnika. Wszyscy posiadaj\u0105 uprawnienia instruktorskie I klasy oraz ponad dwudziestoletnie do\u015bwiadczenie lotnicze.<\/p>\n<p align=\"justify\">Osoby zainteresowane szkoleniem samolotowym zapraszamy do naszego Aeroklubu na odbycie lotu demonstracyjnego z jednym z naszych instruktor\u00f3w lub o kontakt: biuro@aeroklubelblaski.pl.<\/p>\n<p>[\/et_pb_toggle][\/et_pb_column][\/et_pb_row][\/et_pb_section][et_pb_section fb_built=&#8221;1&#8243; _builder_version=&#8221;4.9.4&#8243; _module_preset=&#8221;default&#8221;][et_pb_row column_structure=&#8221;1_2,1_2&#8243; _builder_version=&#8221;4.9.4&#8243; _module_preset=&#8221;default&#8221; custom_padding=&#8221;25px||27px|||&#8221;][et_pb_column type=&#8221;1_2&#8243; _builder_version=&#8221;4.9.4&#8243; _module_preset=&#8221;default&#8221;][et_pb_text _builder_version=&#8221;4.9.4&#8243; _module_preset=&#8221;default&#8221; min_height=&#8221;30px&#8221; hover_enabled=&#8221;0&#8243; sticky_enabled=&#8221;0&#8243; custom_margin=&#8221;||12px|||&#8221;]<\/p>\n<h4><strong>Dzia\u0142alno\u015b\u0107 statutowa<\/strong><\/h4>\n<p>[\/et_pb_text][et_pb_text _builder_version=&#8221;4.9.4&#8243; _module_preset=&#8221;default&#8221; min_height=&#8221;144px&#8221; hover_enabled=&#8221;0&#8243; sticky_enabled=&#8221;0&#8243;]<\/p>\n<p align=\"justify\">Podstawowym zadaniem sekcji samolotowej jest szkolenie lotnicze. Jednak jest to jedna z wielu form dzia\u0142alno\u015b\u0107 elbl\u0105skich samolociarzy. Bez ich pomocy trudno wyobrazi\u0107 sobie intensywne latanie szybowcowe. Tak\u017ce spadochroniarze nie mogli by funkcjonowa\u0107 gdyby nie samoloty.<\/p>\n<p align=\"justify\">Cz\u0142onkowie sekcji samolotowej po zdobyciu licencji pilota samolotowego turystycznego kontynuuj\u0105 szkolenie zdobywaj\u0105c kolejne uprawnienia. S\u0105 to przede wszystkim uprawnienia do lot\u00f3w w \u015brednich warunkach atmosferycznych (\u015aWA), trudnych warunkach atmosferycznych (TWA), loty nocne, holowanie szybowc\u00f3w.<\/p>\n<p align=\"justify\">W trakcie sezonu, zw\u0142aszcza w weekendy elbl\u0105scy samolociarze bardzo ch\u0119tnie wyruszaj\u0105 w Polsk\u0119 i na r\u00f3\u017cne traski rekreacyjne, kt\u00f3re opr\u00f3cz zwi\u0119kszenia potrzebnego nalotu s\u0105 tak\u017ce bardzo dobrym treningiem w lotach nawigacyjnych. Cho\u0107 najwa\u017cniejszym ich celem jest zwyk\u0142e podziwianie ziemi z lotu ptaka i rozkoszowanie si\u0119 przyjemno\u015bci\u0105 lotu.<\/p>\n<p>[\/et_pb_text][\/et_pb_column][et_pb_column type=&#8221;1_2&#8243; _builder_version=&#8221;4.9.4&#8243; _module_preset=&#8221;default&#8221;][et_pb_image src=&#8221;http:\/\/aeroklubelblaski.pl\/wp-content\/uploads\/2021\/05\/DSC05830.jpg&#8221; title_text=&#8221;DSC05830&#8243; _builder_version=&#8221;4.9.4&#8243; _module_preset=&#8221;default&#8221; hover_enabled=&#8221;0&#8243; border_radii=&#8221;on|10px|10px|10px|10px&#8221; box_shadow_style=&#8221;preset3&#8243; box_shadow_color=&#8221;rgba(59,57,230,0.21)&#8221; custom_padding=&#8221;0px|||||&#8221; sticky_enabled=&#8221;0&#8243;][\/et_pb_image][\/et_pb_column][\/et_pb_row][\/et_pb_section][et_pb_section fb_built=&#8221;1&#8243; _builder_version=&#8221;4.9.4&#8243; _module_preset=&#8221;default&#8221;][et_pb_row column_structure=&#8221;1_2,1_2&#8243; _builder_version=&#8221;4.9.4&#8243; _module_preset=&#8221;default&#8221; custom_padding=&#8221;25px||27px|||&#8221;][et_pb_column type=&#8221;1_2&#8243; _builder_version=&#8221;4.9.4&#8243; _module_preset=&#8221;default&#8221;][et_pb_image src=&#8221;http:\/\/aeroklubelblaski.pl\/wp-content\/uploads\/2021\/05\/DSC05728.jpg&#8221; title_text=&#8221;DSC05728&#8243; _builder_version=&#8221;4.9.4&#8243; _module_preset=&#8221;default&#8221; hover_enabled=&#8221;0&#8243; border_radii=&#8221;on|10px|10px|10px|10px&#8221; box_shadow_style=&#8221;preset3&#8243; box_shadow_color=&#8221;rgba(59,57,230,0.21)&#8221; custom_padding=&#8221;0px|||||&#8221; sticky_enabled=&#8221;0&#8243;][\/et_pb_image][\/et_pb_column][et_pb_column type=&#8221;1_2&#8243; _builder_version=&#8221;4.9.4&#8243; _module_preset=&#8221;default&#8221;][et_pb_text _builder_version=&#8221;4.9.4&#8243; _module_preset=&#8221;default&#8221; min_height=&#8221;30px&#8221; hover_enabled=&#8221;0&#8243; sticky_enabled=&#8221;0&#8243; custom_margin=&#8221;||12px|||&#8221;]<\/p>\n<h4><strong>Dzia\u0142alno\u015b\u0107 sportowa<\/strong><\/h4>\n<p>[\/et_pb_text][et_pb_text _builder_version=&#8221;4.9.4&#8243; _module_preset=&#8221;default&#8221; min_height=&#8221;144px&#8221; hover_enabled=&#8221;0&#8243; sticky_enabled=&#8221;0&#8243;]<\/p>\n<p align=\"justify\">W dziedzinie sport\u00f3w samolotowych elbl\u0105scy lotniczy te\u017c maj\u0105 si\u0119 czym pochwali\u0107. Pierwsz\u0105 powa\u017cn\u0105 imprez\u0105, w kt\u00f3rej uczestniczyli elbl\u0105\u017canie by\u0142 Zlot Dziennikarzy i Pilot\u00f3w w roku 1964. Podczas Zlotu pilot Kazimierz Tkaczyk zaj\u0105\u0142 17 miejsce. Sze\u015b\u0107 lat p\u00f3\u017aniej w roku 1970 odby\u0142y si\u0119 I Okr\u0119gowe Zawody Samolotowe Polski P\u00f3\u0142nocnej. Za\u0142oga w sk\u0142adzie: pilot Aleksy Filaszkiewicz i nawigator Marian Bohdziewicz zaj\u0119\u0142a 1 miejsce.<\/p>\n<p align=\"justify\">Lata osiemdziesi\u0105te to kolejne sukcesy. W roku 1987 w Elbl\u0105gu odby\u0142y si\u0119 jubileuszowe XXX Samolotowe Nawigacyjne Mistrzostwa Polski. Elbl\u0105ska za\u0142oga w sk\u0142adzie: pilot Dariusz Brzykcy, nawigator Maciej Lasek zaj\u0119\u0142a 9 miejsce. Rok p\u00f3\u017aniej podczas XVII Samolotowych Nawigacyjnych Mistrzostw Polski Junior\u00f3w ta sama za\u0142oga zaj\u0119\u0142a 2 miejsce.<\/p>\n<p align=\"justify\">Dodatkowo na informacje zas\u0142uguje fakt, \u017ce elbl\u0105\u017canin Krzysztof Pipczy\u0144ski by\u0142 cz\u0142onkiem Kadry Polski w akrobacji samolotowej, a piloci Dariusz Brzykcy i Grzegorz Ma\u0144ka w Kadrze Polski w lataniu nawigacyjnym.<\/p>\n<p align=\"justify\">Obecnie tradycja sportowa podtrzymywana jest przez organizowane w naszym Aeroklubie Klubowe Zawody Samolotowe. Pierwsza edycja odby\u0142a si\u0119 w roku 2001 i od tego czasu nieprzerwanie w ka\u017cdy pierwszy weekend wrze\u015bnia elbl\u0105scy lotnicy tocz\u0105 rywalizacj\u0119 w lataniu nawigacyjnym. Zawody odbywaj\u0105 si\u0119 wed\u0142ug regulaminu latania precyzyjnego stworzonego przez trenera Samolotowej Kadry Polski Andrzeja Osowskiego. Tak\u017ce nie ma \u017cadnej taryfy ulgowej. Nale\u017cy podkre\u015bli\u0107, \u017ce poziom z roku na rok jest coraz wy\u017cszy, a zabawa wy\u015bmienita. W tym miejscu trzeba podzi\u0119kowa\u0107 przede wszystkim pracownikom etatowym Aeroklubu Elbl\u0105skiemu, szefowi wyszkolenia Dariuszowi Brzykcy za perfekcyjne przygotowywanie tras i konkurencji oraz Grzegorzowi Ma\u0144ce za s\u0119dziowanie zawod\u00f3w.<\/p>\n<p>[\/et_pb_text][\/et_pb_column][\/et_pb_row][\/et_pb_section][et_pb_section fb_built=&#8221;1&#8243; admin_label=&#8221;Features&#8221; _builder_version=&#8221;4.9.4&#8243; use_background_color_gradient=&#8221;on&#8221; background_color_gradient_start=&#8221;#ffffff&#8221; background_color_gradient_end=&#8221;rgba(41,196,169,0)&#8221; background_color_gradient_overlays_image=&#8221;on&#8221; background_image=&#8221;http:\/\/aeroklubelblaski.pl\/wp-content\/uploads\/2021\/05\/pexels-miguel-a\u0301-padrin\u0303a\u0301n-19670-scaled.jpeg&#8221; custom_padding=&#8221;55px|0px|100px|0px||&#8221; global_module=&#8221;801&#8243; saved_tabs=&#8221;all&#8221;][et_pb_row _builder_version=&#8221;4.9.4&#8243; _module_preset=&#8221;default&#8221;][et_pb_column type=&#8221;4_4&#8243; _builder_version=&#8221;4.9.4&#8243; _module_preset=&#8221;default&#8221;][et_pb_text _builder_version=&#8221;4.9.4&#8243; text_font=&#8221;Lato||||||||&#8221; text_text_color=&#8221;#898f99&#8243; text_font_size=&#8221;18px&#8221; text_line_height=&#8221;2em&#8221; header_font=&#8221;||||||||&#8221; header_2_font=&#8221;Lato|700|||||||&#8221; header_2_font_size=&#8221;42px&#8221; header_2_line_height=&#8221;1.5em&#8221; header_3_font=&#8221;||||||||&#8221; text_orientation=&#8221;center&#8221; max_width=&#8221;1200px&#8221; module_alignment=&#8221;center&#8221;]<\/p>\n<h2 style=\"text-align: center;\">Masz jakie\u015b pytania?<\/h2>\n<p>[\/et_pb_text][\/et_pb_column][\/et_pb_row][et_pb_row column_structure=&#8221;1_2,1_2&#8243; _builder_version=&#8221;4.9.4&#8243; _module_preset=&#8221;default&#8221;][et_pb_column type=&#8221;1_2&#8243; _builder_version=&#8221;4.9.4&#8243; _module_preset=&#8221;default&#8221; background_color=&#8221;#FA7F28&#8243; custom_padding=&#8221;30px||30px|30px|true|false&#8221; border_radii=&#8221;on|10px|10px|10px|10px&#8221; box_shadow_style=&#8221;preset3&#8243; box_shadow_color=&#8221;rgba(59,57,230,0.18)&#8221;][et_pb_text _builder_version=&#8221;4.9.4&#8243; _module_preset=&#8221;default&#8221; custom_margin=&#8221;||21px|||&#8221;]<\/p>\n<h3><span style=\"color: #ffffff;\"><strong>Odwied\u017a nasz Fanpage<\/strong><\/span><\/h3>\n<p>[\/et_pb_text][et_pb_text _builder_version=&#8221;4.9.4&#8243; _module_preset=&#8221;default&#8221;]<\/p>\n<p><span style=\"color: #ffffff;\"><strong>Wszystkie aktualne informacje na wyci\u0105gni\u0119cie r\u0119ki. Publikujemy regularnie, tak\u017ce je\u015bli chcesz by\u0107 na bie\u017c\u0105co nie zapomnij nas obserwowa\u0107!\u00a0<\/strong><\/span><\/p>\n<p>[\/et_pb_text][et_pb_social_media_follow follow_button=&#8221;on&#8221; _builder_version=&#8221;4.9.4&#8243; _module_preset=&#8221;default&#8221;][et_pb_social_media_follow_network social_network=&#8221;facebook&#8221; url=&#8221;https:\/\/www.facebook.com\/AeroklubElblaskiPL&#8221; _builder_version=&#8221;4.9.4&#8243; _module_preset=&#8221;default&#8221; background_color=&#8221;#3b5998&#8243; follow_button=&#8221;on&#8221; url_new_window=&#8221;on&#8221;]facebook[\/et_pb_social_media_follow_network][\/et_pb_social_media_follow][\/et_pb_column][et_pb_column type=&#8221;1_2&#8243; _builder_version=&#8221;4.9.4&#8243; _module_preset=&#8221;default&#8221; background_color=&#8221;#BDC1C8&#8243; custom_padding=&#8221;30px||30px|30px|true|false&#8221; border_radii=&#8221;on|10px|10px|10px|10px&#8221; box_shadow_style=&#8221;preset3&#8243; box_shadow_color=&#8221;rgba(59,57,230,0.18)&#8221;][et_pb_text _builder_version=&#8221;4.9.4&#8243; _module_preset=&#8221;default&#8221; custom_margin=&#8221;||21px|||&#8221;]<\/p>\n<h3><strong>Skontaktuj si\u0119 przez formualrz<\/strong><\/h3>\n<p>[\/et_pb_text][et_pb_text _builder_version=&#8221;4.9.4&#8243; _module_preset=&#8221;default&#8221;]<\/p>\n<p><strong>Masz niestandardowe pytanie? Nie jeste\u015b czego\u015b pewien? Napisz \u015bmia\u0142o przez nasz formularz kontaktowy, udzielimy Ci odpowiedzi tak szybko jak to mo\u017cliwe!<\/strong><\/p>\n<p>[\/et_pb_text][et_pb_button button_url=&#8221;http:\/\/aeroklubelblaski.pl\/index.php\/kontakt\/&#8221; button_text=&#8221;Formularz kontaktowy&#8221; _builder_version=&#8221;4.9.4&#8243; _module_preset=&#8221;default&#8221; custom_button=&#8221;on&#8221; button_text_size=&#8221;14px&#8221; button_bg_color=&#8221;#3B39E6&#8243; button_border_color=&#8221;RGBA(0,0,0,0)&#8221; button_border_radius=&#8221;5px&#8221; button_letter_spacing=&#8221;1px&#8221; button_font=&#8221;|600|||||||&#8221; button_icon=&#8221;%%3%%&#8221; background_layout=&#8221;dark&#8221;][\/et_pb_button][\/et_pb_column][\/et_pb_row][\/et_pb_section]<\/p>\n","protected":false},"excerpt":{"rendered":"<p>Sekcja Samolotowa Kr\u00f3tki rys historycznySekcja samolotowa Aeroklubu Elbl\u0105skiego rozpocz\u0119\u0142a swoj\u0105 dzia\u0142alno\u015b\u0107 w roku 1963. Sekcja samolotowa stanowi wa\u017cny element historii i funkcjonowania Aeroklubu Elbl\u0105skiego. Od samego pocz\u0105tku swojego istnienie g\u0142\u00f3wnymi zadaniami sekcji by\u0142o szkolenie m\u0142odych adept\u00f3w latania silnikowego i dzia\u0142alno\u015b\u0107 na rzecz innych sekcji Aeroklubu. Piloci samolotowi s\u0142u\u017cyli przede wszystkim sekcji szybowcowej i spadochronowej. Pierwszymi [&hellip;]<\/p>\n","protected":false},"author":2,"featured_media":0,"parent":0,"menu_order":0,"comment_status":"closed","ping_status":"closed","template":"","meta":{"_et_pb_use_builder":"on","_et_pb_old_content":"","_et_gb_content_width":""},"_links":{"self":[{"href":"http:\/\/aeroklubelblaski.pl\/index.php\/wp-json\/wp\/v2\/pages\/856"}],"collection":[{"href":"http:\/\/aeroklubelblaski.pl\/index.php\/wp-json\/wp\/v2\/pages"}],"about":[{"href":"http:\/\/aeroklubelblaski.pl\/index.php\/wp-json\/wp\/v2\/types\/page"}],"author":[{"embeddable":true,"href":"http:\/\/aeroklubelblaski.pl\/index.php\/wp-json\/wp\/v2\/users\/2"}],"replies":[{"embeddable":true,"href":"http:\/\/aeroklubelblaski.pl\/index.php\/wp-json\/wp\/v2\/comments?post=856"}],"version-history":[{"count":3,"href":"http:\/\/aeroklubelblaski.pl\/index.php\/wp-json\/wp\/v2\/pages\/856\/revisions"}],"predecessor-version":[{"id":861,"href":"http:\/\/aeroklubelblaski.pl\/index.php\/wp-json\/wp\/v2\/pages\/856\/revisions\/861"}],"wp:attachment":[{"href":"http:\/\/aeroklubelblaski.pl\/index.php\/wp-json\/wp\/v2\/media?parent=856"}],"curies":[{"name":"wp","href":"https:\/\/api.w.org\/{rel}","templated":true}]}}