{"id":637,"date":"2021-05-27T21:56:51","date_gmt":"2021-05-27T21:56:51","guid":{"rendered":"http:\/\/www.dev.huberthalun.pl\/?page_id=637"},"modified":"2024-04-02T11:27:39","modified_gmt":"2024-04-02T11:27:39","slug":"zglaszanie-zdarzen","status":"publish","type":"page","link":"http:\/\/aeroklubelblaski.pl\/index.php\/zglaszanie-zdarzen\/","title":{"rendered":"Zg\u0142aszanie Zdarze\u0144"},"content":{"rendered":"<p>[et_pb_section fb_built=&#8221;1&#8243; _builder_version=&#8221;4.9.4&#8243; _module_preset=&#8221;default&#8221; use_background_color_gradient=&#8221;on&#8221; background_color_gradient_start=&#8221;#ffffff&#8221; background_color_gradient_end=&#8221;rgba(59,57,230,0)&#8221; background_color_gradient_direction=&#8221;360deg&#8221; background_color_gradient_overlays_image=&#8221;on&#8221; background_image=&#8221;http:\/\/aeroklubelblaski.pl\/wp-content\/uploads\/2021\/05\/pexels-miguel-a\u0301-padrin\u0303a\u0301n-19670-scaled.jpeg&#8221; custom_padding=&#8221;103px||111px|||&#8221; global_colors_info=&#8221;{}&#8221;][et_pb_row _builder_version=&#8221;4.9.4&#8243; _module_preset=&#8221;default&#8221; custom_padding=&#8221;28px|||||&#8221; global_colors_info=&#8221;{}&#8221;][et_pb_column type=&#8221;4_4&#8243; _builder_version=&#8221;4.9.4&#8243; _module_preset=&#8221;default&#8221; global_colors_info=&#8221;{}&#8221;][et_pb_text _builder_version=&#8221;4.9.4&#8243; _module_preset=&#8221;default&#8221; text_font=&#8221;|800|||||||&#8221; text_font_size=&#8221;20px&#8221; text_line_height=&#8221;1.8em&#8221; header_font=&#8221;|800|||||||&#8221; header_font_size=&#8221;50px&#8221; header_line_height=&#8221;1.5em&#8221; min_height=&#8221;141px&#8221; custom_margin=&#8221;0px||||false|false&#8221; global_colors_info=&#8221;{}&#8221;]<\/p>\n<h1 style=\"text-align: center;\"><strong>Zg\u0142aszanie zdarzenia<\/strong><\/h1>\n<p>[\/et_pb_text][\/et_pb_column][\/et_pb_row][\/et_pb_section][et_pb_section fb_built=&#8221;1&#8243; _builder_version=&#8221;4.9.4&#8243; _module_preset=&#8221;default&#8221; global_colors_info=&#8221;{}&#8221;][et_pb_row _builder_version=&#8221;4.9.4&#8243; _module_preset=&#8221;default&#8221; min_height=&#8221;100px&#8221; max_height=&#8221;100px&#8221; custom_padding=&#8221;||27px|||&#8221; global_colors_info=&#8221;{}&#8221;][et_pb_column type=&#8221;4_4&#8243; _builder_version=&#8221;4.9.4&#8243; _module_preset=&#8221;default&#8221; global_colors_info=&#8221;{}&#8221;][et_pb_text _builder_version=&#8221;4.9.4&#8243; _module_preset=&#8221;default&#8221; min_height=&#8221;100px&#8221; max_height=&#8221;100px&#8221; global_colors_info=&#8221;{}&#8221;]<\/p>\n<p style=\"text-align: center;\">Zg\u0142oszenie zdarzenia lub zagro\u017cenia w Aeroklubie Elbl\u0105skim mo\u017cna dokona\u0107 poprzez wype\u0142nienie i przes\u0142anie formularza zg\u0142oszenia na maila:<span>\u00a0<\/span><strong><a href=\"mailto:sms@aeroklubelblaski.pl\">sms@aeroklubelblaski.pl<\/a> <\/strong>lub dostarczenie do skrzynki na terenie aeroklubu.<\/p>\n<ul style=\"text-align: center;\"><\/ul>\n<p>[\/et_pb_text][\/et_pb_column][\/et_pb_row][et_pb_row column_structure=&#8221;1_2,1_2&#8243; _builder_version=&#8221;4.9.4&#8243; _module_preset=&#8221;default&#8221; min_height=&#8221;100px&#8221; max_height=&#8221;100px&#8221; custom_padding=&#8221;||27px|||&#8221; global_colors_info=&#8221;{}&#8221;][et_pb_column type=&#8221;1_2&#8243; _builder_version=&#8221;4.9.4&#8243; _module_preset=&#8221;default&#8221; global_colors_info=&#8221;{}&#8221;][et_pb_text _builder_version=&#8221;4.9.4&#8243; _module_preset=&#8221;default&#8221; background_color=&#8221;#FA7F28&#8243; custom_padding=&#8221;10px||10px||true|false&#8221; border_radii=&#8221;on|10px|10px|10px|10px&#8221; border_width_all=&#8221;1px&#8221; border_color_all=&#8221;RGBA(0,0,0,0)&#8221; global_colors_info=&#8221;{}&#8221;]<\/p>\n<p style=\"text-align: center;\"><span style=\"color: #000000;\"><strong><a href=\"http:\/\/aeroklubelblaski.pl\/wp-content\/uploads\/2021\/05\/zgloszenie-zdarzenia.doc\" rel=\"attachment wp-att-645\" style=\"color: #000000;\">Zg\u0142oszenie zdarzenia format .DOC\u00a0 <i class=\"fas fa-download\"><\/i><\/a><\/strong><\/span><\/p>\n<p>[\/et_pb_text][\/et_pb_column][et_pb_column type=&#8221;1_2&#8243; _builder_version=&#8221;4.9.4&#8243; _module_preset=&#8221;default&#8221; global_colors_info=&#8221;{}&#8221;][et_pb_text _builder_version=&#8221;4.9.4&#8243; _module_preset=&#8221;default&#8221; background_color=&#8221;#FA7F28&#8243; custom_padding=&#8221;10px||10px||true|false&#8221; border_radii=&#8221;on|10px|10px|10px|10px&#8221; border_width_all=&#8221;1px&#8221; border_color_all=&#8221;RGBA(0,0,0,0)&#8221; global_colors_info=&#8221;{}&#8221;]<\/p>\n<p style=\"text-align: center;\"><span style=\"color: #000;\"><strong><a href=\"http:\/\/aeroklubelblaski.pl\/wp-content\/uploads\/2021\/05\/zgloszenie-zdarzenia.pdf\" rel=\"attachment wp-att-646\" style=\"color: #000000;\">Zg\u0142oszenie zdarzenia format .PDF\u00a0<i class=\"fas fa-download\"><\/i><\/a><\/strong><\/span><\/p>\n<p>[\/et_pb_text][\/et_pb_column][\/et_pb_row][\/et_pb_section][et_pb_section fb_built=&#8221;1&#8243; admin_label=&#8221;Features&#8221; _builder_version=&#8221;4.9.4&#8243; use_background_color_gradient=&#8221;on&#8221; background_color_gradient_start=&#8221;#ffffff&#8221; background_color_gradient_end=&#8221;rgba(41,196,169,0)&#8221; background_color_gradient_overlays_image=&#8221;on&#8221; background_image=&#8221;http:\/\/aeroklubelblaski.pl\/wp-content\/uploads\/2021\/05\/pexels-miguel-a\u0301-padrin\u0303a\u0301n-19670-scaled.jpeg&#8221; custom_padding=&#8221;55px|0px|100px|0px||&#8221; global_module=&#8221;801&#8243; saved_tabs=&#8221;all&#8221; global_colors_info=&#8221;{}&#8221;][et_pb_row _builder_version=&#8221;4.9.4&#8243; _module_preset=&#8221;default&#8221; global_colors_info=&#8221;{}&#8221;][et_pb_column type=&#8221;4_4&#8243; _builder_version=&#8221;4.9.4&#8243; _module_preset=&#8221;default&#8221; global_colors_info=&#8221;{}&#8221;][et_pb_text _builder_version=&#8221;4.9.4&#8243; text_font=&#8221;Lato||||||||&#8221; text_text_color=&#8221;#898f99&#8243; text_font_size=&#8221;18px&#8221; text_line_height=&#8221;2em&#8221; header_font=&#8221;||||||||&#8221; header_2_font=&#8221;Lato|700|||||||&#8221; header_2_font_size=&#8221;42px&#8221; header_2_line_height=&#8221;1.5em&#8221; header_3_font=&#8221;||||||||&#8221; text_orientation=&#8221;center&#8221; max_width=&#8221;1200px&#8221; module_alignment=&#8221;center&#8221; global_colors_info=&#8221;{}&#8221;]<\/p>\n<h2 style=\"text-align: center;\">Masz jakie\u015b pytania?<\/h2>\n<p>[\/et_pb_text][\/et_pb_column][\/et_pb_row][et_pb_row column_structure=&#8221;1_3,1_3,1_3&#8243; _builder_version=&#8221;4.10.8&#8243; _module_preset=&#8221;default&#8221; custom_padding=&#8221;||28px|||&#8221; global_colors_info=&#8221;{}&#8221;][et_pb_column type=&#8221;1_3&#8243; _builder_version=&#8221;4.9.4&#8243; _module_preset=&#8221;default&#8221; background_color=&#8221;#FA7F28&#8243; custom_padding=&#8221;30px||30px|30px|true|false&#8221; border_radii=&#8221;on|10px|10px|10px|10px&#8221; box_shadow_style=&#8221;preset3&#8243; box_shadow_color=&#8221;rgba(59,57,230,0.18)&#8221; global_colors_info=&#8221;{}&#8221;][et_pb_text _builder_version=&#8221;4.9.4&#8243; _module_preset=&#8221;default&#8221; custom_margin=&#8221;||21px|||&#8221; global_colors_info=&#8221;{}&#8221;]<\/p>\n<h3><span style=\"color: #ffffff;\"><strong>Odwied\u017a nasz Fanpage<\/strong><\/span><\/h3>\n<p>[\/et_pb_text][et_pb_text _builder_version=&#8221;4.9.4&#8243; _module_preset=&#8221;default&#8221; global_colors_info=&#8221;{}&#8221;]<\/p>\n<p><span style=\"color: #ffffff;\"><strong>Wszystkie aktualne informacje na wyci\u0105gni\u0119cie r\u0119ki. Publikujemy regularnie, tak\u017ce je\u015bli chcesz by\u0107 na bie\u017c\u0105co nie zapomnij nas obserwowa\u0107!\u00a0<\/strong><\/span><\/p>\n<p>[\/et_pb_text][et_pb_social_media_follow follow_button=&#8221;on&#8221; _builder_version=&#8221;4.10.8&#8243; _module_preset=&#8221;default&#8221; global_colors_info=&#8221;{}&#8221;][et_pb_social_media_follow_network social_network=&#8221;facebook&#8221; url=&#8221;https:\/\/www.facebook.com\/AeroklubElblaskiPL&#8221; _builder_version=&#8221;4.9.4&#8243; _module_preset=&#8221;default&#8221; background_color=&#8221;#3b5998&#8243; global_colors_info=&#8221;{}&#8221; follow_button=&#8221;on&#8221; url_new_window=&#8221;on&#8221;]facebook[\/et_pb_social_media_follow_network][et_pb_social_media_follow_network social_network=&#8221;instagram&#8221; url=&#8221;https:\/\/www.instagram.com\/aeroklub_elblaski\/&#8221; _builder_version=&#8221;4.10.8&#8243; _module_preset=&#8221;default&#8221; background_color=&#8221;#ea2c59&#8243; global_colors_info=&#8221;{}&#8221; follow_button=&#8221;on&#8221; url_new_window=&#8221;on&#8221;]instagram[\/et_pb_social_media_follow_network][\/et_pb_social_media_follow][\/et_pb_column][et_pb_column type=&#8221;1_3&#8243; _builder_version=&#8221;4.9.4&#8243; _module_preset=&#8221;default&#8221; background_color=&#8221;#BDC1C8&#8243; custom_padding=&#8221;30px||30px|30px|true|false&#8221; border_radii=&#8221;on|10px|10px|10px|10px&#8221; box_shadow_style=&#8221;preset3&#8243; box_shadow_color=&#8221;rgba(59,57,230,0.18)&#8221; global_colors_info=&#8221;{}&#8221;][et_pb_text _builder_version=&#8221;4.10.8&#8243; _module_preset=&#8221;default&#8221; custom_margin=&#8221;||21px|||&#8221; global_colors_info=&#8221;{}&#8221;]<\/p>\n<h3><strong>Skontaktuj si\u0119 przez formularz<\/strong><\/h3>\n<p>[\/et_pb_text][et_pb_text _builder_version=&#8221;4.9.4&#8243; _module_preset=&#8221;default&#8221; global_colors_info=&#8221;{}&#8221;]<\/p>\n<p><strong>Masz niestandardowe pytanie? Nie jeste\u015b czego\u015b pewien? Napisz \u015bmia\u0142o przez nasz formularz kontaktowy, udzielimy Ci odpowiedzi tak szybko jak to mo\u017cliwe!<\/strong><\/p>\n<p>[\/et_pb_text][et_pb_button button_url=&#8221;http:\/\/aeroklubelblaski.pl\/index.php\/kontakt\/&#8221; button_text=&#8221;Formularz kontaktowy&#8221; _builder_version=&#8221;4.10.8&#8243; _module_preset=&#8221;default&#8221; custom_button=&#8221;on&#8221; button_text_size=&#8221;14px&#8221; button_bg_color=&#8221;#3B39E6&#8243; button_border_color=&#8221;RGBA(0,0,0,0)&#8221; button_border_radius=&#8221;5px&#8221; button_letter_spacing=&#8221;1px&#8221; button_font=&#8221;|600|||||||&#8221; button_icon=&#8221;%%3%%&#8221; background_layout=&#8221;dark&#8221; global_colors_info=&#8221;{}&#8221;][\/et_pb_button][\/et_pb_column][et_pb_column type=&#8221;1_3&#8243; _builder_version=&#8221;4.10.8&#8243; _module_preset=&#8221;default&#8221; background_color=&#8221;#FA7F28&#8243; custom_padding=&#8221;30px||30px|30px|true|false&#8221; border_radii=&#8221;on|10px|10px|10px|10px&#8221; box_shadow_style=&#8221;preset3&#8243; box_shadow_color=&#8221;rgba(59,57,230,0.18)&#8221; global_colors_info=&#8221;{}&#8221;][et_pb_text _builder_version=&#8221;4.10.8&#8243; _module_preset=&#8221;default&#8221; custom_margin=&#8221;||21px|||&#8221; link_option_url=&#8221;https:\/\/www.wyjatkowyprezent.pl\/aeroklub-elblaski-partner?produkt&#8221; global_colors_info=&#8221;{}&#8221;]<\/p>\n<h3><span style=\"color: #ffffff;\"><strong>Nasi Partnerzy<\/strong><\/span><\/h3>\n<p>[\/et_pb_text][et_pb_text _builder_version=&#8221;4.10.8&#8243; _module_preset=&#8221;default&#8221; link_option_url=&#8221;https:\/\/www.wyjatkowyprezent.pl\/aeroklub-elblaski-partner?produkt&#8221; global_colors_info=&#8221;{}&#8221;]<\/p>\n<p><img loading=\"lazy\" src=\"http:\/\/aeroklubelblaski.pl\/wp-content\/uploads\/2023\/04\/wyjatkowyprezent_pl_logo.png\" width=\"220\" height=\"70\" alt=\"\" class=\"wp-image-4555 alignnone size-full\" \/><\/p>\n<p>[\/et_pb_text][et_pb_text _builder_version=&#8221;4.10.8&#8243; _module_preset=&#8221;default&#8221; link_option_url=&#8221;https:\/\/katalogmarzen.pl\/pl\/o\/lot-samolotem-dla-grupy\/elblag&#8221; global_colors_info=&#8221;{}&#8221;]<\/p>\n<p><img loading=\"lazy\" src=\"http:\/\/aeroklubelblaski.pl\/wp-content\/uploads\/2023\/04\/logo.png\" width=\"143\" height=\"52\" alt=\"\" class=\"wp-image-4565 alignnone size-full\" \/><\/p>\n<p>[\/et_pb_text][et_pb_text _builder_version=&#8221;4.10.8&#8243; _module_preset=&#8221;default&#8221; link_option_url=&#8221;https:\/\/prezentmarzen.com\/lot-samolotem-cessna-150152\/#\/2548-trasa-mierzeja_wislana&#8221; global_colors_info=&#8221;{}&#8221;]<\/p>\n<p><img loading=\"lazy\" src=\"http:\/\/aeroklubelblaski.pl\/wp-content\/uploads\/2023\/04\/pm.png\" width=\"172\" height=\"33\" alt=\"\" class=\"wp-image-4579 alignnone size-full\" \/><\/p>\n<p>[\/et_pb_text][et_pb_text _builder_version=&#8221;4.10.8&#8243; _module_preset=&#8221;default&#8221; link_option_url=&#8221;https:\/\/www.prezentzycia.pl\/pl\/w\/aeroklub-elblaski&#8221; global_colors_info=&#8221;{}&#8221;]<\/p>\n<p><img loading=\"lazy\" src=\"http:\/\/aeroklubelblaski.pl\/wp-content\/uploads\/2024\/02\/prezentzycia.png\" width=\"223\" height=\"125\" alt=\"\" class=\"wp-image-4617 alignnone size-full\" \/><\/p>\n<p>[\/et_pb_text][\/et_pb_column][\/et_pb_row][\/et_pb_section]<\/p>\n","protected":false},"excerpt":{"rendered":"<p>Zg\u0142aszanie zdarzeniaZg\u0142oszenie zdarzenia lub zagro\u017cenia w Aeroklubie Elbl\u0105skim mo\u017cna dokona\u0107 poprzez wype\u0142nienie i przes\u0142anie formularza zg\u0142oszenia na maila:\u00a0sms@aeroklubelblaski.pl lub dostarczenie do skrzynki na terenie aeroklubu. Zg\u0142oszenie zdarzenia format .DOC\u00a0 Zg\u0142oszenie zdarzenia format .PDF\u00a0Masz jakie\u015b pytania?Odwied\u017a nasz FanpageWszystkie aktualne informacje na wyci\u0105gni\u0119cie r\u0119ki. Publikujemy regularnie, tak\u017ce je\u015bli chcesz by\u0107 na bie\u017c\u0105co nie zapomnij nas obserwowa\u0107!\u00a0facebookinstagramSkontaktuj si\u0119 [&hellip;]<\/p>\n","protected":false},"author":2,"featured_media":0,"parent":0,"menu_order":0,"comment_status":"closed","ping_status":"closed","template":"","meta":{"_et_pb_use_builder":"on","_et_pb_old_content":"","_et_gb_content_width":""},"_links":{"self":[{"href":"http:\/\/aeroklubelblaski.pl\/index.php\/wp-json\/wp\/v2\/pages\/637"}],"collection":[{"href":"http:\/\/aeroklubelblaski.pl\/index.php\/wp-json\/wp\/v2\/pages"}],"about":[{"href":"http:\/\/aeroklubelblaski.pl\/index.php\/wp-json\/wp\/v2\/types\/page"}],"author":[{"embeddable":true,"href":"http:\/\/aeroklubelblaski.pl\/index.php\/wp-json\/wp\/v2\/users\/2"}],"replies":[{"embeddable":true,"href":"http:\/\/aeroklubelblaski.pl\/index.php\/wp-json\/wp\/v2\/comments?post=637"}],"version-history":[{"count":7,"href":"http:\/\/aeroklubelblaski.pl\/index.php\/wp-json\/wp\/v2\/pages\/637\/revisions"}],"predecessor-version":[{"id":4649,"href":"http:\/\/aeroklubelblaski.pl\/index.php\/wp-json\/wp\/v2\/pages\/637\/revisions\/4649"}],"wp:attachment":[{"href":"http:\/\/aeroklubelblaski.pl\/index.php\/wp-json\/wp\/v2\/media?parent=637"}],"curies":[{"name":"wp","href":"https:\/\/api.w.org\/{rel}","templated":true}]}}